{"id":2,"date":"2012-09-28T01:00:52","date_gmt":"2012-09-27T21:00:52","guid":{"rendered":"http:\/\/faune-reunion.com\/blog\/\/?page_id=2"},"modified":"2025-11-01T16:05:16","modified_gmt":"2025-11-01T12:05:16","slug":"parcours-de-yabalex","status":"publish","type":"page","link":"https:\/\/faune-reunion.com\/blog\/parcours-de-yabalex\/","title":{"rendered":"About Me"},"content":{"rendered":"<p><strong>En 2000<\/strong> : Dipl\u00f4me National d\u2019Arts Plastiques.<br \/>\n<strong>En 2002<\/strong>: Certificat professionnel de Concepteur R\u00e9alisateur Multim\u00e9dia.<\/p>\n<p><a href=\"https:\/\/faune-reunion.com\/blog\/wp-content\/uploads\/2018\/07\/yabalex_portrait.jpg\"><img loading=\"lazy\" decoding=\"async\" class=\"alignnone size-full wp-image-2858\" src=\"https:\/\/faune-reunion.com\/blog\/wp-content\/uploads\/2018\/07\/yabalex_portrait.jpg\" alt=\"Portrait de Yabalex photographe animalier\" width=\"318\" height=\"150\" srcset=\"https:\/\/faune-reunion.com\/blog\/wp-content\/uploads\/2018\/07\/yabalex_portrait.jpg 318w, https:\/\/faune-reunion.com\/blog\/wp-content\/uploads\/2018\/07\/yabalex_portrait-250x118.jpg 250w, https:\/\/faune-reunion.com\/blog\/wp-content\/uploads\/2018\/07\/yabalex_portrait-150x71.jpg 150w\" sizes=\"auto, (max-width: 318px) 100vw, 318px\" \/><\/a><\/p>\n<p align=\"justify\">Durant ses \u00e9tudes aux Beaux-Arts, Yabalex d\u00e9couvre la photo argentique et les joies de la prise de vue sur un appareil enti\u00e8rement manuel. Et c\u2019est la magie des tirages Noir et Blanc en labo qui le fascine particuli\u00e8rement \u00e0 ses d\u00e9buts.<\/p>\n<p align=\"justify\">Apr\u00e8s quelques ann\u00e9es dans la vid\u00e9o, il red\u00e9couvre la photographie lors de l&rsquo;achat de son reflex num\u00e9rique.<\/p>\n<p align=\"justify\">Utilisant, dans un premier temps, l\u2019appareil dans le cadre de son activit\u00e9 professionnelle, il s\u2019habitue \u00e0 la prise de vue rapide et r\u00e9active.<\/p>\n<p align=\"justify\">Mais, in fine, c&rsquo;est vraiment l&rsquo;amour de la nature qui le pousse \u00e0 s&rsquo;orienter vers la photo animali\u00e8re.<br \/>\nIl adh\u00e8re, alors, \u00e0 l&rsquo;association garante de la pr\u00e9servation des oiseaux de l&rsquo;\u00eele (la <a href=\"http:\/\/www.seor.fr\" target=\"_blank\" rel=\"noopener\">Soci\u00e9t\u00e9 d&rsquo;Etude Ornithologique de La R\u00e9union<\/a>), avec laquelle il partage passion et connaissances.<br \/>\nCe n&rsquo;\u00e9tait que le d\u00e9but, car bien vite, il a ouvert son site Internet pour exposer aux yeux du monde ses photos d&rsquo;animaux de La R\u00e9union www.yabalex.re<\/p>\n<p align=\"center\"><strong><a href=\"http:\/\/www.faune-reunion.com\/images\/yabalex-expo-nature-05.jpg\"><img loading=\"lazy\" decoding=\"async\" class=\"alignnone\" src=\"http:\/\/www.faune-reunion.com\/images\/yabalex-expo-nature-05.jpg\" alt=\"hymne \u00e0 la nature r\u00e9unionnaise - foto Yabalex\" width=\"500\" height=\"250\"><\/a><\/strong><\/p>\n<p align=\"justify\"><strong> En 2007<\/strong>, il participe au projet du Mus\u00e9um d\u2019Histoire Naturelle \u00ab\u00a0<a href=\"http:\/\/www.faune-reunion.com\/hymne-nature.php\" target=\"_blank\" rel=\"noopener\"><strong>hymne \u00e0 la nature r\u00e9unionnaise<\/strong><\/a>\u00ab\u00a0, aux c\u00f4t\u00e9s de 4 autres photographes. Celui-ci ayant pour but de mettre sous les projecteurs le Parc National et la R\u00e9serve Marine de La R\u00e9union.<br \/>\nExposition au cours de laquelle il pr\u00e9sente ses photos d\u2019une faune terrestre unique au monde, se trouvant au c\u0153ur des for\u00eats primaires de l\u2019\u00eele.<br \/>\n<a href=\"http:\/\/faune-reunion.com\/blog\/wp-content\/uploads\/2012\/09\/hymne-nature.jpg\"><img loading=\"lazy\" decoding=\"async\" class=\"alignleft size-thumbnail wp-image-681\" src=\"http:\/\/faune-reunion.com\/blog\/wp-content\/uploads\/2012\/09\/hymne-nature-150x150.jpg\" alt=\"&quot;hymne \u00e0 la nature r\u00e9unionnaise&quot; A l\u2019a\u00e9rogare Roland Garros\" width=\"150\" height=\"150\"><\/a>A l\u2019a\u00e9rogare Roland Garros puis sur les grilles du Jardin de l\u2019Etat pendant plusieurs mois on a pu, \u00e9galement, d\u00e9couvrir ses tirages, montrant les esp\u00e8ces introduites par l\u2019homme et responsable de changements irr\u00e9m\u00e9diables sur la faune originelle.<\/p>\n<p align=\"justify\"><strong>Fin 2008<\/strong>, la galerie de <strong>Plan\u00e8te Nature<\/strong> accueille ses photos d\u2019oiseaux end\u00e9miques et indig\u00e8nes de La R\u00e9union.<\/p>\n<p align=\"center\"><img loading=\"lazy\" decoding=\"async\" src=\"http:\/\/www.faune-reunion.com\/images\/d-tecf.jpg\" alt=\"Extrait de nature - Yabalex\" width=\"500\" height=\"193\"><\/p>\n<p align=\"justify\"><strong><a href=\"http:\/\/faune-reunion.com\/blog\/wp-content\/uploads\/2012\/09\/extrait-nature-cbnm.jpg\"><img loading=\"lazy\" decoding=\"async\" class=\"alignleft size-thumbnail wp-image-680\" src=\"http:\/\/faune-reunion.com\/blog\/wp-content\/uploads\/2012\/09\/extrait-nature-cbnm-150x150.jpg\" alt=\"&quot;Extrait de Nature&quot; s'expose au Conservatoire Botanique National de Mascarin\" width=\"150\" height=\"150\"><\/a>En juillet\/ao\u00fbt 2009<\/strong>, \u00ab\u00a0<strong>Extrait de Nature<\/strong>\u00a0\u00bb s&rsquo;expose au Conservatoire Botanique National de Mascarin. Ses impressions en couleur sur toile d\u00e9voilent l\u2019intim\u00e9 des esp\u00e8ces et font la part belle au biotope de chaque oiseau avec des diptyques associant l&rsquo;animal \u00e0 son environnement.<\/p>\n<p align=\"justify\"><strong>du 25 ao\u00fbt au 11 octobre 2009<\/strong>, sur les grilles du Conservatoire R\u00e9gional de Musique (Rue de Paris) vous avez d\u00e9couvert ses panoramiques d&rsquo;oiseaux dans le cadre du 6\u00e8me congr\u00e8s de la Western Indian Oc\u00e9an Marine Science Association (WIOMSA). Exposition collective : <a href=\"http:\/\/www.faune-reunion.com\/attention-fragile.php\" target=\"_blank\" rel=\"noopener\">\u00ab\u00a0<strong>Attention fragile<\/strong>\u00ab\u00a0<\/a>.<\/p>\n<p align=\"justify\"><strong>13 septembre 2009<\/strong>, ralli\u00e9 \u00e0 la cause du gecko de Manapany, Yabalex participe \u00e0 la journ\u00e9e \u00ab Les Arts Verts \u00bb<\/p>\n<p align=\"justify\"><strong>1er octobre 2009<\/strong>, \u00ab 1h pour La R\u00e9union \u2013 Eteignons nos lumi\u00e8res \u00bb exposition photos \u00e0 Saint-Andr\u00e9 avec la SEOR pour sensibiliser le public sur l\u2019influence de la pollution lumineuse sur les oiseaux marins.<\/p>\n<p align=\"justify\"><a href=\"http:\/\/faune-reunion.com\/blog\/wp-content\/uploads\/2012\/09\/run-art-2009.jpg\"><img loading=\"lazy\" decoding=\"async\" class=\"alignleft size-thumbnail wp-image-687\" src=\"http:\/\/faune-reunion.com\/blog\/wp-content\/uploads\/2012\/09\/run-art-2009-150x150.jpg\" alt=\"Run'Arts 2009 : &quot;CANIS LUPUS&quot;\" width=\"150\" height=\"150\"><\/a>Gardant toujours \u00e0 l&rsquo;esprit que la photographie n&rsquo;est pas le r\u00e9el, Yabalex travaille en parall\u00e8le sur des reportages nocturnes en Noir et Blanc bien loin de ses images naturalistes color\u00e9es. Il pr\u00e9sente pour <strong>Run&rsquo;Arts 2009<\/strong> : \u00ab\u00a0<strong>CANIS LUPUS<\/strong>\u00ab\u00a0<\/p>\n<p align=\"justify\"><strong>5 et 6 juin 2010<\/strong>, exposition des oiseaux de La R\u00e9union \u00e0 l\u2019Eko village du Tampon pendant la manifestation du 3\u00e8me Ekomarathon..<\/p>\n<p align=\"justify\"><strong><a href=\"http:\/\/faune-reunion.com\/blog\/wp-content\/uploads\/2012\/09\/natura2-cbnm.jpg\"><img loading=\"lazy\" decoding=\"async\" class=\"alignright size-thumbnail wp-image-682\" src=\"http:\/\/faune-reunion.com\/blog\/wp-content\/uploads\/2012\/09\/natura2-cbnm-150x150.jpg\" alt=\"exposition sur la faune et la flore avec Teddy.B au Conservatoire Botanique de Mascarin : [Natura]\u00b2\" width=\"150\" height=\"150\"><\/a>Du 6 juillet au 15 ao\u00fbt 2010<\/strong>, exposition sur la faune et la flore de Teddy.B et Yabalex au Conservatoire Botanique de Mascarin : <strong>[Natura]\u00b2<\/strong><\/p>\n<p align=\"justify\"><strong>Du 27 aout au 5 septembre 2010 <\/strong>, \u00ab <a href=\"http:\/\/www.faune-reunion.com\/cac2010.php\" target=\"_blank\" rel=\"noopener\"><strong>Canis lupus<\/strong><\/a> \u00bb est pr\u00e9sent\u00e9 au 5\u00e8me Carrefour d&rsquo;art contemporain de La R\u00e9union.<\/p>\n<p align=\"center\"><img loading=\"lazy\" decoding=\"async\" src=\"http:\/\/www.faune-reunion.com\/images\/canis-lupus-candin.jpg\" alt=\"canis lupus\" width=\"500\" height=\"333\"><\/p>\n<p align=\"justify\"><strong>5 juin 2011<\/strong>, au jardin de l&rsquo;Etat pour la journ\u00e9e mondiale de l&rsquo;environnement par Jeunesse-nature.re, exposition \u00ab\u00a0<strong>Nos d\u00e9tails font nos diff\u00e9rences<\/strong>\u00ab\u00a0<\/p>\n<p align=\"justify\"><strong>Du 20 juin au 10 juillet 2011<\/strong>, \u00ab\u00a0<strong>Natura\u00b2<\/strong>\u00a0\u00bb est visible \u00e0 l&rsquo;office du tourisme de Saint-Benoit .<\/p>\n<p style=\"text-align: justify;\" align=\"center\"><strong>28 juin au 31 juillet 2011<\/strong>, dans le cadre prestigieux du Conservatoire Botanique de Mascarin, exposition imprim\u00e9e sur toile \u00ab\u00a0<strong><a href=\"http:\/\/www.faune-reunion.com\/endemique-exotique.php\" target=\"_blank\" rel=\"noopener\">end\u00e9mique sur exotique<\/a><\/strong>\u00a0\u00bb<br \/>\n<img loading=\"lazy\" decoding=\"async\" class=\"aligncenter\" src=\"http:\/\/www.faune-reunion.com\/oiseau-blanc\/im\/Yabalex_MG_3826.jpg\" alt=\"oiseau blanc de end\u00e9mique sur exotique\" width=\"500\" height=\"333\"><\/p>\n<p align=\"justify\"><strong>3 octobre 2011 au 1 janvier 2012, <\/strong>dans le cadre de l&rsquo;ann\u00e9e des Outre-mer fran\u00e7ais, le Mus\u00e9um National d&rsquo;Histoire Naturel pr\u00e9sente, au Jardin des Plantes \u00e0 Paris, l&rsquo;exposition collective : <strong><a href=\"http:\/\/www.faune-reunion.com\/images\/Nature-Outre-mer.pdf\" target=\"_blank\" rel=\"noopener\">Nature d&rsquo;Outre-mer<\/a>.<\/strong><\/p>\n<p align=\"justify\"><strong><a href=\"http:\/\/faune-reunion.com\/blog\/wp-content\/uploads\/2012\/09\/oiseaux-outre-mer.jpg\"><img loading=\"lazy\" decoding=\"async\" class=\"alignleft wp-image-683 size-thumbnail\" src=\"http:\/\/faune-reunion.com\/blog\/wp-content\/uploads\/2012\/09\/oiseaux-outre-mer-150x150.jpg\" alt=\"Oiseaux d'Outre-mer, notre nature, r\u00e9alis\u00e9e dans le cadre du programme europ\u00e9en de conservation LIFE+ CAP DOM\" width=\"150\" height=\"150\"><\/a>Oiseaux d&rsquo;Outre-mer, notre nature<\/strong> : r\u00e9alis\u00e9e dans le cadre du programme europ\u00e9en de conservation LIFE+ CAP DOM, cette exposition photographique, grand format, nous invite au voyage, \u00e0 la d\u00e9couverte de l\u2019avifaune, rare et originale, des DOM, par une approche sensible et artistique.<br \/>\n&#8211; en septembre 2011 au congr\u00e8s national de la LPO \u00e0 Ste Afrique (Aveyron),<br \/>\n&#8211; en octobre 2011 \u00e0 Grigny lors d\u2019un salon environnement organis\u00e9 par la Mairie,<br \/>\n&#8211; fin octobre 2011 \u00e0 M\u00e9nigoute (Deux-<wbr>S\u00e8vres),<br \/>\n&#8211; du 23 au 26 novembre 2011au Conseil R\u00e9gional de Guyane,<br \/>\n&#8211; 28 novembre 2011 sur la r\u00e9serve de La Caravelle en Martinique,<br \/>\n&#8211; le 5 et 6 d\u00e9cembre 2011 au Palais d\u2019I\u00e9na (Paris) \u00e0 l\u2019occasion du colloque outre-mer de France Nature Environnement,<br \/>\n&#8211; les 10 et 11 d\u00e9cembre 2011 au colloque francophone d\u2019ornithologie \u00e0 Paris,<br \/>\n&#8211; 10 avril au 13 mai 2012 au phare de Sainte-Suzanne \u00e0 La R\u00e9union,<br \/>\n&#8211; 18 juin jusqu&rsquo;au 2 juillet 2012 au conservatoire botanique de Mascarin.<br \/>\n&#8211; 29 novembre au 1er d\u00e9cembre, dans le cadre de la F\u00eate de la science, au palais des congr\u00e8s de Madiana (Schoelcher &#8211; Martinique)<\/p>\n<p align=\"justify\"><strong>Du 6 au 15 janvier 2012<\/strong>, \u00e0 l&rsquo;occasion de la traditionnelle manifestation \u00ab Miel Vert \u00bb \u00e0 la Plaine-des- Cafres, la R\u00e9gion propose sur son stand l&rsquo;exposition \u00ab Regards sur la Faune \u00bb.<br \/>\nPremiers regards sur notre biodiversit\u00e9 r\u00e9unionnaise, cette exposition permet au public de (re)d\u00e9couvrir une partie de notre faune exceptionnelle, parfois m\u00eame end\u00e9mique.<br \/>\nP\u00e9trel de Barau, gecko, baleines et autres animaux mis en valeur par les regards avis\u00e9s de photographes locaux (Yabalex et Images Oc\u00e9an) ouvrent \u00ab 2012, ann\u00e9e de l&rsquo;\u00e9cologie et de la biodiversit\u00e9 \u00bb.<\/p>\n<p align=\"justify\"><strong>Du 1er au 7 avril 2012<\/strong>, pendant la semaine du d\u00e9veloppement durable, exposition de l&rsquo;avifaune r\u00e9unionnaise avec Sciences R\u00e9union au Montgaillard Culture &amp; Arts<\/p>\n<p><strong>2 au 27 janvier 2013<\/strong>, \u00ab&nbsp;instants furtifs, moments magiques&nbsp;\u00bb \u00e0 l\u2019OTI Est \u00e0 ste-Anne.<\/p>\n<p><strong>17 janvier au 16 f\u00e9vrier 2013<\/strong>, les oiseaux de La R\u00e9union en 4x3m sur l\u2019espace Jeumont \u00e0 Saint-Denis.<br \/>\n<a href=\"http:\/\/faune-reunion.com\/blog\/wp-content\/uploads\/2012\/09\/panneau-jeaumont.jpg\" rel=\"attachment wp-att-685\"><img loading=\"lazy\" decoding=\"async\" class=\"alignnone wp-image-685 size-medium aligncenter\" src=\"http:\/\/faune-reunion.com\/blog\/wp-content\/uploads\/2012\/09\/panneau-jeaumont-300x224.jpg\" alt=\"les oiseaux de La R\u00e9union en 4x3m sur l\u2019espace Jeumont\" width=\"300\" height=\"224\" srcset=\"https:\/\/faune-reunion.com\/blog\/wp-content\/uploads\/2012\/09\/panneau-jeaumont-300x224.jpg 300w, https:\/\/faune-reunion.com\/blog\/wp-content\/uploads\/2012\/09\/panneau-jeaumont-800x600.jpg 800w, https:\/\/faune-reunion.com\/blog\/wp-content\/uploads\/2012\/09\/panneau-jeaumont-600x449.jpg 600w, https:\/\/faune-reunion.com\/blog\/wp-content\/uploads\/2012\/09\/panneau-jeaumont-400x300.jpg 400w, https:\/\/faune-reunion.com\/blog\/wp-content\/uploads\/2012\/09\/panneau-jeaumont.jpg 1136w\" sizes=\"auto, (max-width: 300px) 100vw, 300px\" \/><\/a><\/p>\n<p><strong>26 fevrier au 31 mars 2013<\/strong>, \u00ab&nbsp;Instants furtifs, moments magiques&nbsp;\u00bb au Conservatoire Botanique National de Mascarins<\/p>\n<p>Du c\u0153ur des for\u00eats au bord de mer de La R\u00e9union, la Nature d\u00e9voile ses richesses \u00e0 celui qui se montre&nbsp; attentif et patient. Mais certaines actions ne s\u2019impriment pas sur la r\u00e9tine. Seul un obturateur v\u00e9loce peut figer une fraction de seconde de ces instants \u00e9ph\u00e9m\u00e8res invisibles \u00e0 l&rsquo;\u0153il nu.<br \/>\nDe l&rsquo;action, de l&rsquo;\u00e9l\u00e9gance, de la tendresse, &#8230;<\/p>\n<p><strong>du 5 au 9 juin<\/strong>, \u00e0 l\u2019occasion des Journ\u00e9es de la mer, exposition sur les oiseaux marins de La R\u00e9union au local de la SEOR au parc du Colosse \u2013 Saint-Andr\u00e9.<\/p>\n<p><strong>Du 24 au 27 septembre 2013<\/strong>, \u00ab&nbsp;<strong><strong>Oiseaux d&rsquo;Outre-mer, notre nature<\/strong>&nbsp;\u00bb <\/strong>\u00e0 la villa de la R\u00e9gion.<\/p>\n<p><strong>D\u00e9cembre 2013<\/strong>, mon premier livre sur les oiseaux : <a title=\"Les plumes de La R\u00e9union, mon premier livre\" href=\"http:\/\/faune-reunion.com\/blog\/les-plumes-de-la-reunion-mon-premier-livre\/\">Les plumes de La R\u00e9union<\/a> par Yabalex aux \u00e9dition UDIR<br \/>\n<img loading=\"lazy\" decoding=\"async\" class=\"alignnone wp-image-436 size-medium aligncenter\" src=\"http:\/\/faune-reunion.com\/blog\/wp-content\/uploads\/2013\/12\/plumes-reunion-Yabalex-300x300.jpg\" alt=\"Les plumes de la R\u00e9union par Yabalex\" width=\"300\" height=\"300\" srcset=\"https:\/\/faune-reunion.com\/blog\/wp-content\/uploads\/2013\/12\/plumes-reunion-Yabalex-300x300.jpg 300w, https:\/\/faune-reunion.com\/blog\/wp-content\/uploads\/2013\/12\/plumes-reunion-Yabalex-150x150.jpg 150w, https:\/\/faune-reunion.com\/blog\/wp-content\/uploads\/2013\/12\/plumes-reunion-Yabalex-600x600.jpg 600w, https:\/\/faune-reunion.com\/blog\/wp-content\/uploads\/2013\/12\/plumes-reunion-Yabalex.jpg 800w\" sizes=\"auto, (max-width: 300px) 100vw, 300px\" \/><\/p>\n<p><strong>Du 26 mars au 4 avril 2014<\/strong>, Semaine du D\u00e9veloppement Durable au lyc\u00e9e Ambroise Vollard.<\/p>\n<p><strong>20 et 21 septembre 2014<\/strong>, Participation aux Journ\u00e9es du Patrimoine au Mus\u00e9e du Sel.<\/p>\n<p><strong>10 au 19 octobre 2014<\/strong>, photo prim\u00e9e et expos\u00e9e au festival Nature de Namur<\/p>\n<p><strong>Du 15 au 19 octobre 2014<\/strong>,&nbsp;<a title=\"Salon du livre de jeunesse de l\u2019oc\u00e9an Indien 2014\" href=\"http:\/\/faune-reunion.com\/blog\/salon-du-livre-de-jeunesse-de-locean-indien-2014\/\">Salon du livre de jeunesse<\/a> de l\u2019oc\u00e9an Indien 2014.<\/p>\n<p><strong>13 et 14 d\u00e9cembre 2014<\/strong>, exposition et partage avec le public \u00e0 la 1\u00e8re \u00e9dition du&nbsp;<a title=\"1\u00e8re \u00e9dition du Saint-Pierre photo\" href=\"http:\/\/faune-reunion.com\/blog\/1ere-edition-du-saint-pierre-photo\/\" target=\"_blank\" rel=\"noopener\" data-saferedirecturl=\"https:\/\/www.google.com\/url?q=http:\/\/faune-reunion.com\/blog\/1ere-edition-du-saint-pierre-photo\/&amp;source=gmail&amp;ust=1642776889009000&amp;usg=AOvVaw2HBCrR5TAHGO_aTL3o-vN3\">Saint-Pierre photo festival<\/a>.<\/p>\n<p><strong>2014\/2015<\/strong> projet \u00ab\u00a0D\u00e9clic et des clics ornithologiques\u00a0\u00bb avec le Parc national, la SEOR et le coll\u00e8ge 1000 Roches.<\/p>\n<p><a href=\"https:\/\/faune-reunion.com\/blog\/wp-content\/uploads\/2025\/07\/20150423_145232.jpg\"><img loading=\"lazy\" decoding=\"async\" class=\"alignnone size-full wp-image-4005\" src=\"https:\/\/faune-reunion.com\/blog\/wp-content\/uploads\/2025\/07\/20150423_145232.jpg\" alt=\"D\u00e9clic et des clics ornithologiques\" width=\"800\" height=\"433\" srcset=\"https:\/\/faune-reunion.com\/blog\/wp-content\/uploads\/2025\/07\/20150423_145232.jpg 800w, https:\/\/faune-reunion.com\/blog\/wp-content\/uploads\/2025\/07\/20150423_145232-500x271.jpg 500w, https:\/\/faune-reunion.com\/blog\/wp-content\/uploads\/2025\/07\/20150423_145232-768x416.jpg 768w, https:\/\/faune-reunion.com\/blog\/wp-content\/uploads\/2025\/07\/20150423_145232-150x81.jpg 150w\" sizes=\"auto, (max-width: 800px) 100vw, 800px\" \/><\/a><\/p>\n<p><strong>13 et 14 d\u00e9cembre 2014<\/strong>, exposition et partage avec le public \u00e0 la 1\u00e8re \u00e9dition du <a title=\"1\u00e8re \u00e9dition du Saint-Pierre photo\" href=\"http:\/\/faune-reunion.com\/blog\/1ere-edition-du-saint-pierre-photo\/\">Saint-Pierre photo festival<\/a>.<\/p>\n<p><strong>D\u00e9cembre 2015<\/strong>, sortie du livre \u00ab\u00a0L&rsquo;essentiel des oiseaux r\u00e9unionnais\u00a0\u00bb. Editions Orphie, texte SEOR et photos Yabalex. 50 fiches qui pr\u00e9sentent les oiseaux visibles sur l&rsquo;\u00eele.<\/p>\n<p style=\"text-align: center;\"><a href=\"http:\/\/faune-reunion.com\/blog\/lessentiel-des-oiseaux-de-la-reunion-nouveau-livre-decembre-2015\/\"><img loading=\"lazy\" decoding=\"async\" class=\"alignnone wp-image-2029\" src=\"http:\/\/faune-reunion.com\/blog\/wp-content\/uploads\/2015\/12\/livre_couv-essentiel-500x465.jpg\" alt=\"couverture du livre : l'essentiel des oiseaux r\u00e9unionnais\" width=\"305\" height=\"284\" srcset=\"https:\/\/faune-reunion.com\/blog\/wp-content\/uploads\/2015\/12\/livre_couv-essentiel-500x465.jpg 500w, https:\/\/faune-reunion.com\/blog\/wp-content\/uploads\/2015\/12\/livre_couv-essentiel-645x600.jpg 645w, https:\/\/faune-reunion.com\/blog\/wp-content\/uploads\/2015\/12\/livre_couv-essentiel-600x558.jpg 600w, https:\/\/faune-reunion.com\/blog\/wp-content\/uploads\/2015\/12\/livre_couv-essentiel-323x300.jpg 323w, https:\/\/faune-reunion.com\/blog\/wp-content\/uploads\/2015\/12\/livre_couv-essentiel.jpg 874w\" sizes=\"auto, (max-width: 305px) 100vw, 305px\" \/><\/a><\/p>\n<p align=\"justify\"><strong>Octobre 2016<\/strong>, 7\u00e8me Salon du livre de jeunesse de l&rsquo;oc\u00e9an Indien<\/p>\n<p align=\"justify\"><strong>F\u00e9vrier 2017<\/strong>, atelier d&rsquo;initiation \u00e0 la photo de Nature pour les adh\u00e9rents de la SREPEN<\/p>\n<p align=\"justify\"><strong>Septembre 2017<\/strong> \u00e0 la Biblioth\u00e8que d\u00e9partementale : \u00ab Patio des auteurs \u00bb&nbsp;<\/p>\n<p align=\"justify\"><strong>F\u00e9vrier 2018<\/strong>, jury pour les 10 ans du Parc National, concours \u00ab\u00a0Raconte moi ton paysage des Hauts de La R\u00e9union<\/p>\n<p align=\"justify\"><strong>21 Avril 2018<\/strong>, journ\u00e9e \u00ab\u00a0j&rsquo;ach\u00e8te un livre p\u00e9i\u00a0\u00bb<\/p>\n<p align=\"justify\"><strong>Mai 2018<\/strong>, r\u00e9alisation d&rsquo;un carnet de voyage nature avec le coll\u00e8ge <span class=\"il\">Hippolyte<\/span>&nbsp;Foucque<\/p>\n<p align=\"justify\"><strong>2019\/2020<\/strong>, r\u00e9alisation d&rsquo;un film pour \u00ab\u00a0cin\u00e9 coll\u00e8ge\u00a0\u00bb avec la th\u00e9matique : r\u00e9unionnais de demain.<\/p>\n<p align=\"justify\"><strong>22 Janvier 2021<\/strong>, nuit de la lecture \u00e0 la biblioth\u00e8que Alain Lorraine<\/p>\n<p align=\"justify\"><strong>Juillet 2021<\/strong>, exposition collective du D\u00e9partement et de l&rsquo;ave2m au Jardin Botanique de Mascarin<strong>&nbsp;Histoires des Hommes et des Esp\u00e8ces \u00e0 la R\u00e9union<\/strong><\/p>\n<p align=\"justify\"><strong>12 mai 2023<\/strong>, les \u00e9l\u00e8ves de l&rsquo;\u00e9cole maternelle des Bringelliers, les coll\u00e9giens de l\u2019atelier relais du coll\u00e8ge Bourbon et Yabalex r\u00e9alisent ensemble une fresque murale de 17 m\u00e8tres repr\u00e9sentant les oiseaux dans leurs milieux naturels.<\/p>\n<p align=\"justify\"><strong>15 &amp; 16 novembre 2024<\/strong>, au <strong>1er Festival Ornithologique de Saint-Louis<\/strong>, \u00e0 l&rsquo;\u00c9tang du Gol, animation d&rsquo;un stand d\u00e9di\u00e9 \u00e0 la photographie animali\u00e8re, techniques et astuces pour capturer la faune sauvage tout en respectant l\u2019environnement.&nbsp;<\/p>\n<p align=\"justify\">&nbsp;<\/p>\n<h2 align=\"justify\">Publications photos :<\/h2>\n<p align=\"justify\">L&rsquo;oiseau mag : article et photo sur la migration \u00e0 La R\u00e9union (2025)<\/p>\n<p align=\"justify\"><a href=\"http:\/\/faune-reunion.com\/blog\/lessentiel-des-oiseaux-de-la-reunion-nouveau-livre-decembre-2015\/\">L&rsquo;essentiel des oiseaux r\u00e9unionnais<\/a>, livre aux \u00e9ditions Orphie et&nbsp;textes de la SEOR (2015)<br \/>\n<a href=\"http:\/\/faune-reunion.com\/blog\/les-plumes-de-la-reunion-mon-premier-livre\/\">Les plumes de La R\u00e9union<\/a>, 1<sup>er<\/sup> livre photos aux \u00e9ditions UDIR (2013)<br \/>\nL&rsquo;oiseau mag : dossier zosterops (2013)<br \/>\nRapace de France n\u00b015, hors s\u00e9rie de l\u2019Oiseau Mag (2013)<br \/>\nLe courrier de la Nature, de la Soci\u00e9t\u00e9 national de protection de la nature (2013)<br \/>\nCalendrier Eglise \u00e0 La R\u00e9union 2012<br \/>\nPlaquette : <a href=\"#\">Les oiseaux de l&rsquo;\u00eele de La R\u00e9union<\/a> (2011)<br \/>\n<a href=\"#\">Calendrier des pharmaciens<\/a> (2011)<br \/>\nL&rsquo;oiseau mag n\u00b099 et <a href=\"https:\/\/www.faune-reunion.com\/images\/lpo_dossier_outre-mer_oiseau-mag.pdf\" target=\"_blank\" rel=\"noopener\">n\u00b0102<\/a> magazine de la LPO (2011)<br \/>\nLPO info \/ bulltetin de la LPO n\u00b046 (2011)<br \/>\nChakouat \/ bulletin de la SEOR<br \/>\nCoffret \u00ab\u00a0<a href=\"#\">Biodiversit\u00e9 de La R\u00e9union<\/a>\u00a0\u00bb du Mus\u00e9um d&rsquo;histoire naturelle. 1er prix du livre insulaire 2009 (cat. beaux livres)<br \/>\nFiches oiseaux \/ Editions Atlas (2008)<br \/>\nTimbres et bloc timbres \u00ab\u00a0esp\u00e8ces prot\u00e9g\u00e9es\u00a0\u00bb d&rsquo;Outre-Mer (2007)<br \/>\nLes animaux pays \/ Le Quotidien jeune (2006-2007)<br \/>\nLivret : R\u00e9serve Naturelle Roche Ecrite &#8211; SREPEN RE (2002)<\/p>\n<p align=\"justify\"><a href=\"http:\/\/faune-reunion.com\/blog\/wp-content\/uploads\/2012\/09\/Yabalex-photographe_MG_1966.jpg\"><img loading=\"lazy\" decoding=\"async\" class=\"alignnone size-medium wp-image-2257\" src=\"http:\/\/faune-reunion.com\/blog\/wp-content\/uploads\/2012\/09\/Yabalex-photographe_MG_1966-500x333.jpg\" alt=\"Yabalex photographe animalier\" width=\"500\" height=\"333\" srcset=\"https:\/\/faune-reunion.com\/blog\/wp-content\/uploads\/2012\/09\/Yabalex-photographe_MG_1966-500x333.jpg 500w, https:\/\/faune-reunion.com\/blog\/wp-content\/uploads\/2012\/09\/Yabalex-photographe_MG_1966-800x534.jpg 800w, https:\/\/faune-reunion.com\/blog\/wp-content\/uploads\/2012\/09\/Yabalex-photographe_MG_1966-600x400.jpg 600w, https:\/\/faune-reunion.com\/blog\/wp-content\/uploads\/2012\/09\/Yabalex-photographe_MG_1966-225x150.jpg 225w, https:\/\/faune-reunion.com\/blog\/wp-content\/uploads\/2012\/09\/Yabalex-photographe_MG_1966-150x100.jpg 150w, https:\/\/faune-reunion.com\/blog\/wp-content\/uploads\/2012\/09\/Yabalex-photographe_MG_1966.jpg 1024w\" sizes=\"auto, (max-width: 500px) 100vw, 500px\" \/><\/a><\/p>\n","protected":false},"excerpt":{"rendered":"<p>En 2000 : Dipl\u00f4me National d\u2019Arts Plastiques. En 2002: Certificat professionnel de Concepteur R\u00e9alisateur Multim\u00e9dia. Durant ses \u00e9tudes aux Beaux-Arts, Yabalex d\u00e9couvre la photo argentique et les joies de la prise de vue sur un appareil enti\u00e8rement manuel. Et c\u2019est la magie des tirages Noir et Blanc en labo qui \u2026<\/p>\n<p class=\"continue-reading-button\"> <a class=\"continue-reading-link\" href=\"https:\/\/faune-reunion.com\/blog\/parcours-de-yabalex\/\">Lire la suite&#8230;<i class=\"crycon-right-dir\"><\/i><\/a><\/p>\n","protected":false},"author":1,"featured_media":0,"parent":0,"menu_order":5,"comment_status":"closed","ping_status":"closed","template":"","meta":{"_monsterinsights_skip_tracking":false,"_monsterinsights_sitenote_active":false,"_monsterinsights_sitenote_note":"","_monsterinsights_sitenote_category":0,"_uf_show_specific_survey":0,"_uf_disable_surveys":false,"ngg_post_thumbnail":0,"footnotes":""},"class_list":["post-2","page","type-page","status-publish","hentry"],"aioseo_notices":[],"_links":{"self":[{"href":"https:\/\/faune-reunion.com\/blog\/wp-json\/wp\/v2\/pages\/2","targetHints":{"allow":["GET"]}}],"collection":[{"href":"https:\/\/faune-reunion.com\/blog\/wp-json\/wp\/v2\/pages"}],"about":[{"href":"https:\/\/faune-reunion.com\/blog\/wp-json\/wp\/v2\/types\/page"}],"author":[{"embeddable":true,"href":"https:\/\/faune-reunion.com\/blog\/wp-json\/wp\/v2\/users\/1"}],"replies":[{"embeddable":true,"href":"https:\/\/faune-reunion.com\/blog\/wp-json\/wp\/v2\/comments?post=2"}],"version-history":[{"count":27,"href":"https:\/\/faune-reunion.com\/blog\/wp-json\/wp\/v2\/pages\/2\/revisions"}],"predecessor-version":[{"id":4080,"href":"https:\/\/faune-reunion.com\/blog\/wp-json\/wp\/v2\/pages\/2\/revisions\/4080"}],"wp:attachment":[{"href":"https:\/\/faune-reunion.com\/blog\/wp-json\/wp\/v2\/media?parent=2"}],"curies":[{"name":"wp","href":"https:\/\/api.w.org\/{rel}","templated":true}]}}